{"id":1141,"date":"2023-02-13T00:07:24","date_gmt":"2023-02-12T23:07:24","guid":{"rendered":"https:\/\/www.almadental.pl\/?page_id=1141"},"modified":"2024-04-10T18:26:01","modified_gmt":"2024-04-10T16:26:01","slug":"tomograf-trium","status":"publish","type":"page","link":"https:\/\/www.almadental.pl\/index.php\/oferta\/tomograf-trium\/","title":{"rendered":"Tomograf Trium"},"content":{"rendered":"\t\t<div data-elementor-type=\"wp-page\" data-elementor-id=\"1141\" class=\"elementor elementor-1141\">\n\t\t\t\t\t\t\t\t\t<section class=\"elementor-section elementor-top-section elementor-element elementor-element-bee9de1 elementor-section-boxed elementor-section-height-default elementor-section-height-default\" data-id=\"bee9de1\" data-element_type=\"section\">\n\t\t\t\t\t\t<div class=\"elementor-container elementor-column-gap-default\">\n\t\t\t\t\t<div class=\"elementor-column elementor-col-50 elementor-top-column elementor-element elementor-element-e62c7ec\" data-id=\"e62c7ec\" data-element_type=\"column\">\n\t\t\t<div class=\"elementor-widget-wrap elementor-element-populated\">\n\t\t\t\t\t\t\t\t<div class=\"elementor-element elementor-element-f837a14 elementor-widget elementor-widget-spacer\" data-id=\"f837a14\" data-element_type=\"widget\" data-widget_type=\"spacer.default\">\n\t\t\t\t<div class=\"elementor-widget-container\">\n\t\t\t\t\t<div class=\"elementor-spacer\">\n\t\t\t<div class=\"elementor-spacer-inner\"><\/div>\n\t\t<\/div>\n\t\t\t\t<\/div>\n\t\t\t\t<\/div>\n\t\t\t\t<div class=\"elementor-element elementor-element-ed61d72 elementor-widget elementor-widget-heading\" data-id=\"ed61d72\" data-element_type=\"widget\" data-widget_type=\"heading.default\">\n\t\t\t\t<div class=\"elementor-widget-container\">\n\t\t\t<h2 class=\"elementor-heading-title elementor-size-default\">Tomograf <\/h2>\t\t<\/div>\n\t\t\t\t<\/div>\n\t\t\t\t<div class=\"elementor-element elementor-element-7524875 elementor-widget elementor-widget-text-editor\" data-id=\"7524875\" data-element_type=\"widget\" data-widget_type=\"text-editor.default\">\n\t\t\t\t<div class=\"elementor-widget-container\">\n\t\t\t\t\t\t\t<p class=\"MsoNormal\" style=\"margin: 0cm 0cm 0.0001pt; font-size: medium; font-family: Calibri, sans-serif; caret-color: #000000; color: #000000; font-style: normal;\">Na codzie\u0144 w gabinecie u\u017cywamy Tomografu X Mind Trium, kt\u00f3ry posiada bogata palet\u0119 obrazowania pantomograficznego i cefalometrycznego. Posiada tak\u017ce mo\u017cliwo\u015b\u0107 obrazowania CBCT\/3D w czterech nast\u0119puj\u0105cych polach obrazowania:<\/p>\n<p class=\"MsoNormal\" style=\"margin: 0cm 0cm 0.0001pt; font-size: medium; font-family: Calibri, sans-serif; caret-color: #000000; color: #000000; font-style: normal;\">40 x40 mm<\/p>\n<p class=\"MsoNormal\" style=\"margin: 0cm 0cm 0.0001pt; font-size: medium; font-family: Calibri, sans-serif; caret-color: #000000; color: #000000; font-style: normal;\">60 x 60 mm<\/p>\n<p class=\"MsoNormal\" style=\"margin: 0cm 0cm 0.0001pt; font-size: medium; font-family: Calibri, sans-serif; caret-color: #000000; color: #000000; font-style: normal;\">80 x 80 mm<\/p>\n<p class=\"MsoNormal\" style=\"margin: 0cm 0cm 0.0001pt; font-size: medium; font-family: Calibri, sans-serif; caret-color: #000000; color: #000000; font-style: normal;\">110 x 80 mm<\/p>\n<p class=\"MsoNormal\" style=\"margin: 0cm 0cm 0.0001pt; font-size: medium; font-family: Calibri, sans-serif; caret-color: #000000; color: #000000; font-style: normal;\">Tomografia komputerowa jest bardzo przydatnym narz\u0119dziem w codziennej diagnostyce stomatologicznej:<\/p>\n<p class=\"MsoNormal\" style=\"margin: 0cm 0cm 0.0001pt; font-size: medium; font-family: Calibri, sans-serif; caret-color: #000000; color: #000000; font-style: normal;\">\n<\/p><p class=\"MsoNormal\" style=\"margin: 0cm 0cm 0.0001pt; font-size: medium; font-family: Calibri, sans-serif; caret-color: #000000; color: #000000; font-style: normal;\">&#8211; pozwala na precyzyjne obrazowanie struktur anatomicznych jamy ustnej, co umo\u017cliwia dok\u0142adn\u0105 ocen\u0119 zag\u0119szczenia ko\u015bci oraz dok\u0142adne okre\u015blenie ilo\u015bci i jako\u015bci tkanki kostnej.<\/p>\n<p class=\"MsoNormal\" style=\"margin: 0cm 0cm 0.0001pt; font-size: medium; font-family: Calibri, sans-serif; caret-color: #000000; color: #000000; font-style: normal;\">&#8211; jest bardzo przydatna przy planowaniu wszelkich zabieg\u00f3w chirurgicznych, takich jak wszczepianie implant\u00f3w stomatologicznych, leczenie z\u0119b\u00f3w m\u0105dro\u015bci, czy zabiegi rekonstrukcyjne.<\/p>\n<p class=\"MsoNormal\" style=\"margin: 0cm 0cm 0.0001pt; font-size: medium; font-family: Calibri, sans-serif; caret-color: #000000; color: #000000; font-style: normal;\">&#8211; dzi\u0119ki tomografii komputerowej mo\u017cna r\u00f3wnie\u017c oceni\u0107 stopie\u0144 zaawansowania i lokalizacj\u0119 zmian chorobowych w obr\u0119bie jamy ustnej, takich jak torbiele, guzy czy zmiany zapalne.<\/p>\n<p class=\"MsoNormal\" style=\"margin: 0cm 0cm 0.0001pt; font-size: medium; font-family: Calibri, sans-serif; caret-color: #000000; color: #000000; font-style: normal;\">&#8211; pozwala na wykluczenie lub potwierdzenie obecno\u015bci z\u0142ama\u0144 czy zwichni\u0119\u0107 ko\u015bci szcz\u0119ki.<\/p>\n<p class=\"MsoNormal\" style=\"margin: 0cm 0cm 0.0001pt; font-size: medium; font-family: Calibri, sans-serif; caret-color: #000000; color: #000000; font-style: normal;\">&#8211; umo\u017cliwia ocen\u0119 zatok szcz\u0119kowych z ewentualna ocen\u0105 nieprawid\u0142owo\u015bci w tym zakresie<\/p>\n<p class=\"MsoNormal\" style=\"margin: 0cm 0cm 0.0001pt; font-size: medium; font-family: Calibri, sans-serif; caret-color: #000000; color: #000000; font-style: normal;\">&#8211; pozwala oceni\u0107 usytuowanie zatrzymanych z\u0119b\u00f3w m\u0105dro\u015bci<\/p>\n<p class=\"MsoNormal\" style=\"margin: 0cm 0cm 0.0001pt; font-size: medium; font-family: Calibri, sans-serif; caret-color: #000000; color: #000000; font-style: normal;\">\n<\/p><p class=\"MsoNormal\" style=\"margin: 0cm 0cm 0.0001pt; font-size: medium; font-family: Calibri, sans-serif; caret-color: #000000; color: #000000; font-style: normal;\">Warto podkre\u015bli\u0107, \u017ce korzystanie z tomografii komputerowej w stomatologii pozwala na bardziej precyzyjne i skuteczne post\u0119powanie, a co za tym idzie, popraw\u0119 jako\u015bci leczenia pacjenta.<\/p>\n<p class=\"MsoNormal\" style=\"margin: 0cm 0cm 0.0001pt; font-size: medium; font-family: Calibri, sans-serif; caret-color: #000000; color: #000000; font-style: normal;\">\n<\/p>\t\t\t\t\t\t<\/div>\n\t\t\t\t<\/div>\n\t\t\t\t\t<\/div>\n\t\t<\/div>\n\t\t\t\t<div class=\"elementor-column elementor-col-50 elementor-top-column elementor-element elementor-element-5916420\" data-id=\"5916420\" data-element_type=\"column\">\n\t\t\t<div class=\"elementor-widget-wrap elementor-element-populated\">\n\t\t\t\t\t\t\t\t<div class=\"elementor-element elementor-element-e3fef80 elementor-widget elementor-widget-image\" data-id=\"e3fef80\" data-element_type=\"widget\" data-widget_type=\"image.default\">\n\t\t\t\t<div class=\"elementor-widget-container\">\n\t\t\t\t\t\t\t\t\t\t\t\t\t\t\t<img decoding=\"async\" loading=\"lazy\" width=\"403\" height=\"588\" src=\"https:\/\/www.almadental.pl\/wp-content\/uploads\/2023\/02\/Trium.png\" class=\"attachment-large size-large wp-image-1137\" alt=\"\" srcset=\"https:\/\/www.almadental.pl\/wp-content\/uploads\/2023\/02\/Trium.png 403w, https:\/\/www.almadental.pl\/wp-content\/uploads\/2023\/02\/Trium-206x300.png 206w\" sizes=\"(max-width: 403px) 100vw, 403px\" \/>\t\t\t\t\t\t\t\t\t\t\t\t\t\t\t<\/div>\n\t\t\t\t<\/div>\n\t\t\t\t\t<\/div>\n\t\t<\/div>\n\t\t\t\t\t\t\t<\/div>\n\t\t<\/section>\n\t\t\t\t\t\t\t<\/div>\n\t\t","protected":false},"excerpt":{"rendered":"<p>Tomograf Na codzie\u0144 w gabinecie u\u017cywamy Tomografu X Mind Trium, kt\u00f3ry posiada bogata palet\u0119 obrazowania pantomograficznego i cefalometrycznego. Posiada tak\u017ce mo\u017cliwo\u015b\u0107 obrazowania CBCT\/3D w czterech nast\u0119puj\u0105cych polach obrazowania: 40 x40 mm 60 x 60 mm 80 x 80 mm 110 x 80 mm Tomografia komputerowa jest bardzo przydatnym narz\u0119dziem w codziennej diagnostyce stomatologicznej: &#8211; pozwala &hellip;<\/p>\n<p class=\"read-more\"> <a class=\"\" href=\"https:\/\/www.almadental.pl\/index.php\/oferta\/tomograf-trium\/\"> <span class=\"screen-reader-text\">Tomograf Trium<\/span> Read More \u00bb<\/a><\/p>\n","protected":false},"author":2,"featured_media":0,"parent":157,"menu_order":0,"comment_status":"closed","ping_status":"closed","template":"","meta":{"site-sidebar-layout":"no-sidebar","site-content-layout":"page-builder","ast-site-content-layout":"","site-content-style":"default","site-sidebar-style":"default","ast-global-header-display":"","ast-banner-title-visibility":"","ast-main-header-display":"","ast-hfb-above-header-display":"","ast-hfb-below-header-display":"","ast-hfb-mobile-header-display":"","site-post-title":"disabled","ast-breadcrumbs-content":"","ast-featured-img":"disabled","footer-sml-layout":"","theme-transparent-header-meta":"enabled","adv-header-id-meta":"","stick-header-meta":"default","header-above-stick-meta":"","header-main-stick-meta":"","header-below-stick-meta":"","astra-migrate-meta-layouts":"","footnotes":""},"_links":{"self":[{"href":"https:\/\/www.almadental.pl\/index.php\/wp-json\/wp\/v2\/pages\/1141"}],"collection":[{"href":"https:\/\/www.almadental.pl\/index.php\/wp-json\/wp\/v2\/pages"}],"about":[{"href":"https:\/\/www.almadental.pl\/index.php\/wp-json\/wp\/v2\/types\/page"}],"author":[{"embeddable":true,"href":"https:\/\/www.almadental.pl\/index.php\/wp-json\/wp\/v2\/users\/2"}],"replies":[{"embeddable":true,"href":"https:\/\/www.almadental.pl\/index.php\/wp-json\/wp\/v2\/comments?post=1141"}],"version-history":[{"count":9,"href":"https:\/\/www.almadental.pl\/index.php\/wp-json\/wp\/v2\/pages\/1141\/revisions"}],"predecessor-version":[{"id":1228,"href":"https:\/\/www.almadental.pl\/index.php\/wp-json\/wp\/v2\/pages\/1141\/revisions\/1228"}],"up":[{"embeddable":true,"href":"https:\/\/www.almadental.pl\/index.php\/wp-json\/wp\/v2\/pages\/157"}],"wp:attachment":[{"href":"https:\/\/www.almadental.pl\/index.php\/wp-json\/wp\/v2\/media?parent=1141"}],"curies":[{"name":"wp","href":"https:\/\/api.w.org\/{rel}","templated":true}]}}