{"id":309,"date":"2020-12-01T15:04:09","date_gmt":"2020-12-01T14:04:09","guid":{"rendered":"http:\/\/dev.almadental.pl\/?page_id=309"},"modified":"2026-03-01T08:45:23","modified_gmt":"2026-03-01T07:45:23","slug":"zespol","status":"publish","type":"page","link":"https:\/\/www.almadental.pl\/index.php\/zespol\/","title":{"rendered":"Zesp\u00f3\u0142"},"content":{"rendered":"\t\t<div data-elementor-type=\"wp-page\" data-elementor-id=\"309\" class=\"elementor elementor-309\">\n\t\t\t\t\t\t\t\t\t<section class=\"elementor-section elementor-top-section elementor-element elementor-element-89af7e6 elementor-section-boxed elementor-section-height-default elementor-section-height-default\" data-id=\"89af7e6\" data-element_type=\"section\">\n\t\t\t\t\t\t<div class=\"elementor-container elementor-column-gap-default\">\n\t\t\t\t\t<div class=\"elementor-column elementor-col-33 elementor-top-column elementor-element elementor-element-d29f6b8\" data-id=\"d29f6b8\" data-element_type=\"column\">\n\t\t\t<div class=\"elementor-widget-wrap\">\n\t\t\t\t\t\t\t\t\t<\/div>\n\t\t<\/div>\n\t\t\t\t<div class=\"elementor-column elementor-col-33 elementor-top-column elementor-element elementor-element-f8a3a2f\" data-id=\"f8a3a2f\" data-element_type=\"column\">\n\t\t\t<div class=\"elementor-widget-wrap elementor-element-populated\">\n\t\t\t\t\t\t\t\t<div class=\"elementor-element elementor-element-6bdd1b3 elementor-widget elementor-widget-image\" data-id=\"6bdd1b3\" data-element_type=\"widget\" data-widget_type=\"image.default\">\n\t\t\t\t<div class=\"elementor-widget-container\">\n\t\t\t\t\t\t\t\t\t\t\t\t\t\t\t<img decoding=\"async\" src=\"https:\/\/www.almadental.pl\/wp-content\/uploads\/elementor\/thumbs\/Gielzak-Joanna5-450x600-1-pp7ai61pkiul8gghyezn71qhg9q8q7rnasjrtjj2sw.jpg\" title=\"Gie\u0142zak Joanna5-450&#215;600\" alt=\"Gie\u0142zak Joanna5-450x600\" loading=\"lazy\" \/>\t\t\t\t\t\t\t\t\t\t\t\t\t\t\t<\/div>\n\t\t\t\t<\/div>\n\t\t\t\t\t<\/div>\n\t\t<\/div>\n\t\t\t\t<div class=\"elementor-column elementor-col-33 elementor-top-column elementor-element elementor-element-0acab14\" data-id=\"0acab14\" data-element_type=\"column\" data-settings=\"{&quot;background_background&quot;:&quot;classic&quot;}\">\n\t\t\t<div class=\"elementor-widget-wrap elementor-element-populated\">\n\t\t\t\t\t\t\t\t<div class=\"elementor-element elementor-element-0fed75f elementor-widget elementor-widget-heading\" data-id=\"0fed75f\" data-element_type=\"widget\" data-widget_type=\"heading.default\">\n\t\t\t\t<div class=\"elementor-widget-container\">\n\t\t\t<h2 class=\"elementor-heading-title elementor-size-default\">Joanna Gie\u0142zak <\/h2>\t\t<\/div>\n\t\t\t\t<\/div>\n\t\t\t\t<div class=\"elementor-element elementor-element-176d660 elementor-widget elementor-widget-heading\" data-id=\"176d660\" data-element_type=\"widget\" data-widget_type=\"heading.default\">\n\t\t\t\t<div class=\"elementor-widget-container\">\n\t\t\t<h3 class=\"elementor-heading-title elementor-size-default\">specjalista protetyki stomatologicznej<br>\nlekarz dentysta<br>\n<\/h3>\t\t<\/div>\n\t\t\t\t<\/div>\n\t\t\t\t<div class=\"elementor-element elementor-element-e86d1fb elementor-widget elementor-widget-text-editor\" data-id=\"e86d1fb\" data-element_type=\"widget\" data-widget_type=\"text-editor.default\">\n\t\t\t\t<div class=\"elementor-widget-container\">\n\t\t\t\t\t\t\t<p>Zajmuje si\u0119 leczeniem doros\u0142ych, wykonuje zabiegi z zakresu protetyki stomatologicznej, implantoprotetyki, stomatologii zachowawczej oraz chirurgii stomatologicznej. Jako w\u0142a\u015bciciel &nbsp;dba o organizacje pracy i wizerunek gabinetu.<\/p>\n<p><br><\/p>\n<p><br><\/p>\t\t\t\t\t\t<\/div>\n\t\t\t\t<\/div>\n\t\t\t\t\t<\/div>\n\t\t<\/div>\n\t\t\t\t\t\t\t<\/div>\n\t\t<\/section>\n\t\t\t\t<section class=\"elementor-section elementor-top-section elementor-element elementor-element-4d2f8c6 elementor-section-boxed elementor-section-height-default elementor-section-height-default\" data-id=\"4d2f8c6\" data-element_type=\"section\">\n\t\t\t\t\t\t<div class=\"elementor-container elementor-column-gap-default\">\n\t\t\t\t\t<div class=\"elementor-column elementor-col-33 elementor-top-column elementor-element elementor-element-d4d6980\" data-id=\"d4d6980\" data-element_type=\"column\">\n\t\t\t<div class=\"elementor-widget-wrap elementor-element-populated\">\n\t\t\t\t\t\t\t\t<div class=\"elementor-element elementor-element-75bbc20 elementor-widget elementor-widget-image\" data-id=\"75bbc20\" data-element_type=\"widget\" data-widget_type=\"image.default\">\n\t\t\t\t<div class=\"elementor-widget-container\">\n\t\t\t\t\t\t\t\t\t\t\t\t\t\t\t<img decoding=\"async\" src=\"https:\/\/www.almadental.pl\/wp-content\/uploads\/elementor\/thumbs\/p.-Dominika-p2znrycgqnv4wgaltfrkucki2q0hf2ew82hzvkt1bk.jpg\" title=\"p. Dominika\" alt=\"p. Dominika\" loading=\"lazy\" \/>\t\t\t\t\t\t\t\t\t\t\t\t\t\t\t<\/div>\n\t\t\t\t<\/div>\n\t\t\t\t\t<\/div>\n\t\t<\/div>\n\t\t\t\t<div class=\"elementor-column elementor-col-33 elementor-top-column elementor-element elementor-element-96b5a58\" data-id=\"96b5a58\" data-element_type=\"column\" data-settings=\"{&quot;background_background&quot;:&quot;classic&quot;}\">\n\t\t\t<div class=\"elementor-widget-wrap elementor-element-populated\">\n\t\t\t\t\t\t\t\t<div class=\"elementor-element elementor-element-4057053 elementor-widget elementor-widget-heading\" data-id=\"4057053\" data-element_type=\"widget\" data-widget_type=\"heading.default\">\n\t\t\t\t<div class=\"elementor-widget-container\">\n\t\t\t<h2 class=\"elementor-heading-title elementor-size-default\">Dominika Turlakiewicz<\/h2>\t\t<\/div>\n\t\t\t\t<\/div>\n\t\t\t\t<div class=\"elementor-element elementor-element-738d514 elementor-widget elementor-widget-heading\" data-id=\"738d514\" data-element_type=\"widget\" data-widget_type=\"heading.default\">\n\t\t\t\t<div class=\"elementor-widget-container\">\n\t\t\t<h3 class=\"elementor-heading-title elementor-size-default\">specjalista stomatologii zachowawczej i endodoncji<br>lekarz dentysta<\/h3>\t\t<\/div>\n\t\t\t\t<\/div>\n\t\t\t\t<div class=\"elementor-element elementor-element-a2e45f2 elementor-widget elementor-widget-text-editor\" data-id=\"a2e45f2\" data-element_type=\"widget\" data-widget_type=\"text-editor.default\">\n\t\t\t\t<div class=\"elementor-widget-container\">\n\t\t\t\t\t\t\t<p>Nauk\u0119 na \u0141\u00f3dzkim Uniwersytecie Medycznym zako\u0144czy\u0142a w 2016 roku, uzyskuj\u0105c najlepszy wynik w swoim roczniku. Wykonuje zabiegi z zakresu endodoncji mikroskopowej, stomatologii zachowawczej i leczenia dzieci.<\/p><p>Cierpliwa, dok\u0142adna i sumienna, te cechy pozwalaj\u0105 jej uzyskiwa\u0107 jak najlepsze efekty w pracy. Du\u017c\u0105 wag\u0119 przyk\u0142ada do zaanga\u017cowania pacjenta w proces leczenia, poprzez rozmow\u0119 oraz zrozumia\u0142e przekazywanie zagadnie\u0144 medycznych.<\/p>\t\t\t\t\t\t<\/div>\n\t\t\t\t<\/div>\n\t\t\t\t\t<\/div>\n\t\t<\/div>\n\t\t\t\t<div class=\"elementor-column elementor-col-33 elementor-top-column elementor-element elementor-element-5cdd1bf\" data-id=\"5cdd1bf\" data-element_type=\"column\">\n\t\t\t<div class=\"elementor-widget-wrap\">\n\t\t\t\t\t\t\t\t\t<\/div>\n\t\t<\/div>\n\t\t\t\t\t\t\t<\/div>\n\t\t<\/section>\n\t\t\t\t<section class=\"elementor-section elementor-top-section elementor-element elementor-element-7d432a2 elementor-section-boxed elementor-section-height-default elementor-section-height-default\" data-id=\"7d432a2\" data-element_type=\"section\">\n\t\t\t\t\t\t<div class=\"elementor-container elementor-column-gap-default\">\n\t\t\t\t\t<div class=\"elementor-column elementor-col-33 elementor-top-column elementor-element elementor-element-7a4dd18\" data-id=\"7a4dd18\" data-element_type=\"column\">\n\t\t\t<div class=\"elementor-widget-wrap\">\n\t\t\t\t\t\t\t\t\t<\/div>\n\t\t<\/div>\n\t\t\t\t<div class=\"elementor-column elementor-col-33 elementor-top-column elementor-element elementor-element-0b35915\" data-id=\"0b35915\" data-element_type=\"column\">\n\t\t\t<div class=\"elementor-widget-wrap elementor-element-populated\">\n\t\t\t\t\t\t\t\t<div class=\"elementor-element elementor-element-b06c684 elementor-widget elementor-widget-image\" data-id=\"b06c684\" data-element_type=\"widget\" data-widget_type=\"image.default\">\n\t\t\t\t<div class=\"elementor-widget-container\">\n\t\t\t\t\t\t\t\t\t\t\t\t\t\t\t<img decoding=\"async\" src=\"https:\/\/www.almadental.pl\/wp-content\/uploads\/elementor\/thumbs\/p.-Paulina-p2zns5v69c5fhbzolj0leao6tszf4n8qx3pvpshvxs.jpg\" title=\"p. Paulina\" alt=\"p. Paulina\" loading=\"lazy\" \/>\t\t\t\t\t\t\t\t\t\t\t\t\t\t\t<\/div>\n\t\t\t\t<\/div>\n\t\t\t\t\t<\/div>\n\t\t<\/div>\n\t\t\t\t<div class=\"elementor-column elementor-col-33 elementor-top-column elementor-element elementor-element-b3fb8ef\" data-id=\"b3fb8ef\" data-element_type=\"column\" data-settings=\"{&quot;background_background&quot;:&quot;classic&quot;}\">\n\t\t\t<div class=\"elementor-widget-wrap elementor-element-populated\">\n\t\t\t\t\t\t\t\t<div class=\"elementor-element elementor-element-3d98ede elementor-widget elementor-widget-heading\" data-id=\"3d98ede\" data-element_type=\"widget\" data-widget_type=\"heading.default\">\n\t\t\t\t<div class=\"elementor-widget-container\">\n\t\t\t<h2 class=\"elementor-heading-title elementor-size-default\">Paulina Habrat<\/h2>\t\t<\/div>\n\t\t\t\t<\/div>\n\t\t\t\t<div class=\"elementor-element elementor-element-6f8051c elementor-widget elementor-widget-heading\" data-id=\"6f8051c\" data-element_type=\"widget\" data-widget_type=\"heading.default\">\n\t\t\t\t<div class=\"elementor-widget-container\">\n\t\t\t<h3 class=\"elementor-heading-title elementor-size-default\">specjalista stomatologii dzieci\u0119cej <br>lekarz dentysta\n<\/h3>\t\t<\/div>\n\t\t\t\t<\/div>\n\t\t\t\t<div class=\"elementor-element elementor-element-9da4c62 elementor-widget elementor-widget-text-editor\" data-id=\"9da4c62\" data-element_type=\"widget\" data-widget_type=\"text-editor.default\">\n\t\t\t\t<div class=\"elementor-widget-container\">\n\t\t\t\t\t\t\t<p>U\u015bmiechni\u0119ta, przyjazna i delikatna. Bardzo lubi prac\u0119 z ma\u0142ymi pacjentami.<\/p><p>Mimo wybranej specjalizacji zajmuje si\u0119 r\u00f3wnie\u017c leczeniem doros\u0142ych. Wykonuje zabiegi z zakresu stomatologii zachowawczej i endodoncji.<\/p>\t\t\t\t\t\t<\/div>\n\t\t\t\t<\/div>\n\t\t\t\t\t<\/div>\n\t\t<\/div>\n\t\t\t\t\t\t\t<\/div>\n\t\t<\/section>\n\t\t\t\t<section class=\"elementor-section elementor-top-section elementor-element elementor-element-c2a0c99 elementor-section-boxed elementor-section-height-default elementor-section-height-default\" data-id=\"c2a0c99\" data-element_type=\"section\">\n\t\t\t\t\t\t<div class=\"elementor-container elementor-column-gap-default\">\n\t\t\t\t\t<div class=\"elementor-column elementor-col-33 elementor-top-column elementor-element elementor-element-44a733f\" data-id=\"44a733f\" data-element_type=\"column\">\n\t\t\t<div class=\"elementor-widget-wrap elementor-element-populated\">\n\t\t\t\t\t\t\t\t<div class=\"elementor-element elementor-element-1bbc064 elementor-widget elementor-widget-image\" data-id=\"1bbc064\" data-element_type=\"widget\" data-widget_type=\"image.default\">\n\t\t\t\t<div class=\"elementor-widget-container\">\n\t\t\t\t\t\t\t\t\t\t\t\t\t\t\t<img decoding=\"async\" src=\"https:\/\/www.almadental.pl\/wp-content\/uploads\/elementor\/thumbs\/p.-Piotr-p2zns8ootu9ag5vl528h3ryklylirqjxxhoc5mdpf4.jpg\" title=\"p. Piotr\" alt=\"p. Piotr\" loading=\"lazy\" \/>\t\t\t\t\t\t\t\t\t\t\t\t\t\t\t<\/div>\n\t\t\t\t<\/div>\n\t\t\t\t\t<\/div>\n\t\t<\/div>\n\t\t\t\t<div class=\"elementor-column elementor-col-33 elementor-top-column elementor-element elementor-element-64b9587\" data-id=\"64b9587\" data-element_type=\"column\" data-settings=\"{&quot;background_background&quot;:&quot;classic&quot;}\">\n\t\t\t<div class=\"elementor-widget-wrap elementor-element-populated\">\n\t\t\t\t\t\t\t\t<div class=\"elementor-element elementor-element-d9b0cd4 elementor-widget elementor-widget-heading\" data-id=\"d9b0cd4\" data-element_type=\"widget\" data-widget_type=\"heading.default\">\n\t\t\t\t<div class=\"elementor-widget-container\">\n\t\t\t<h2 class=\"elementor-heading-title elementor-size-default\">Piotr Szymor<\/h2>\t\t<\/div>\n\t\t\t\t<\/div>\n\t\t\t\t<div class=\"elementor-element elementor-element-e896dea elementor-widget elementor-widget-heading\" data-id=\"e896dea\" data-element_type=\"widget\" data-widget_type=\"heading.default\">\n\t\t\t\t<div class=\"elementor-widget-container\">\n\t\t\t<h3 class=\"elementor-heading-title elementor-size-default\">specjalista chirurgii szcz\u0119kowo-twarzowej<br>\ndr n. med.<\/h3>\t\t<\/div>\n\t\t\t\t<\/div>\n\t\t\t\t<div class=\"elementor-element elementor-element-759f3a8 elementor-widget elementor-widget-text-editor\" data-id=\"759f3a8\" data-element_type=\"widget\" data-widget_type=\"text-editor.default\">\n\t\t\t\t<div class=\"elementor-widget-container\">\n\t\t\t\t\t\t\t<p>Zajmuje si\u0119 wykonywaniem zabieg\u00f3w z dziedziny implantologii i chirurgii stomatologicznej oraz szcz\u0119kowo-twarzowej. Cechuje go si\u0142a, spok\u00f3j oraz wielka stanowczo\u015b\u0107.<\/p><p>Jest r\u00f3wnie\u017c asystentem dydaktycznym w Klinice Chirurgii Szcz\u0119kowo-Twarzowej Uniwersytetu Medycznego w \u0141odzi.<\/p>\t\t\t\t\t\t<\/div>\n\t\t\t\t<\/div>\n\t\t\t\t\t<\/div>\n\t\t<\/div>\n\t\t\t\t<div class=\"elementor-column elementor-col-33 elementor-top-column elementor-element elementor-element-791386e\" data-id=\"791386e\" data-element_type=\"column\">\n\t\t\t<div class=\"elementor-widget-wrap\">\n\t\t\t\t\t\t\t\t\t<\/div>\n\t\t<\/div>\n\t\t\t\t\t\t\t<\/div>\n\t\t<\/section>\n\t\t\t\t<section class=\"elementor-section elementor-top-section elementor-element elementor-element-516ea19 elementor-section-boxed elementor-section-height-default elementor-section-height-default\" data-id=\"516ea19\" data-element_type=\"section\">\n\t\t\t\t\t\t<div class=\"elementor-container elementor-column-gap-default\">\n\t\t\t\t\t<div class=\"elementor-column elementor-col-33 elementor-top-column elementor-element elementor-element-563a729\" data-id=\"563a729\" data-element_type=\"column\">\n\t\t\t<div class=\"elementor-widget-wrap\">\n\t\t\t\t\t\t\t\t\t<\/div>\n\t\t<\/div>\n\t\t\t\t<div class=\"elementor-column elementor-col-33 elementor-top-column elementor-element elementor-element-1188b02\" data-id=\"1188b02\" data-element_type=\"column\">\n\t\t\t<div class=\"elementor-widget-wrap elementor-element-populated\">\n\t\t\t\t\t\t\t\t<div class=\"elementor-element elementor-element-f6e5476 elementor-widget elementor-widget-image\" data-id=\"f6e5476\" data-element_type=\"widget\" data-widget_type=\"image.default\">\n\t\t\t\t<div class=\"elementor-widget-container\">\n\t\t\t\t\t\t\t\t\t\t\t\t\t\t\t<img decoding=\"async\" src=\"https:\/\/www.almadental.pl\/wp-content\/uploads\/elementor\/thumbs\/p.-Ola-p2znsj0wx0nfzvgkgopdd7cn576k4eozmwuofnydio.jpg\" title=\"p. Ola\" alt=\"p. Ola\" loading=\"lazy\" \/>\t\t\t\t\t\t\t\t\t\t\t\t\t\t\t<\/div>\n\t\t\t\t<\/div>\n\t\t\t\t\t<\/div>\n\t\t<\/div>\n\t\t\t\t<div class=\"elementor-column elementor-col-33 elementor-top-column elementor-element elementor-element-37fd5ba\" data-id=\"37fd5ba\" data-element_type=\"column\" data-settings=\"{&quot;background_background&quot;:&quot;classic&quot;}\">\n\t\t\t<div class=\"elementor-widget-wrap elementor-element-populated\">\n\t\t\t\t\t\t\t\t<div class=\"elementor-element elementor-element-a4f1bec elementor-widget elementor-widget-heading\" data-id=\"a4f1bec\" data-element_type=\"widget\" data-widget_type=\"heading.default\">\n\t\t\t\t<div class=\"elementor-widget-container\">\n\t\t\t<h2 class=\"elementor-heading-title elementor-size-default\">Aleksandra Wojciechowska<\/h2>\t\t<\/div>\n\t\t\t\t<\/div>\n\t\t\t\t<div class=\"elementor-element elementor-element-5813f79 elementor-widget elementor-widget-heading\" data-id=\"5813f79\" data-element_type=\"widget\" data-widget_type=\"heading.default\">\n\t\t\t\t<div class=\"elementor-widget-container\">\n\t\t\t<h3 class=\"elementor-heading-title elementor-size-default\">lekarz dentysta<\/h3>\t\t<\/div>\n\t\t\t\t<\/div>\n\t\t\t\t<div class=\"elementor-element elementor-element-abafdea elementor-widget elementor-widget-text-editor\" data-id=\"abafdea\" data-element_type=\"widget\" data-widget_type=\"text-editor.default\">\n\t\t\t\t<div class=\"elementor-widget-container\">\n\t\t\t\t\t\t\t<p>U\u015bmiechni\u0119ta, cierpliwa i empatyczna dla pacjenta.\u00a0Zajmuje si\u0119 g\u0142\u00f3wnie stomatologi\u0105 zachowawcz\u0105 oraz endodoncj\u0105.\u00a0Do pracy podchodzi z pasj\u0105, kieruj\u0105c si\u0119 przede wszystkim dobrem swoich pacjent\u00f3w. Dba, aby wizyty przebiega\u0142y w przyjaznej atmosferze.<\/p>\t\t\t\t\t\t<\/div>\n\t\t\t\t<\/div>\n\t\t\t\t\t<\/div>\n\t\t<\/div>\n\t\t\t\t\t\t\t<\/div>\n\t\t<\/section>\n\t\t\t\t<section class=\"elementor-section elementor-top-section elementor-element elementor-element-1b960d7 elementor-section-boxed elementor-section-height-default elementor-section-height-default\" data-id=\"1b960d7\" data-element_type=\"section\">\n\t\t\t\t\t\t<div class=\"elementor-container elementor-column-gap-default\">\n\t\t\t\t\t<div class=\"elementor-column elementor-col-33 elementor-top-column elementor-element elementor-element-89c3e18\" data-id=\"89c3e18\" data-element_type=\"column\">\n\t\t\t<div class=\"elementor-widget-wrap elementor-element-populated\">\n\t\t\t\t\t\t\t\t<div class=\"elementor-element elementor-element-7c72df1 elementor-widget elementor-widget-image\" data-id=\"7c72df1\" data-element_type=\"widget\" data-widget_type=\"image.default\">\n\t\t\t\t<div class=\"elementor-widget-container\">\n\t\t\t\t\t\t\t\t\t\t\t\t\t\t\t<img decoding=\"async\" src=\"https:\/\/www.almadental.pl\/wp-content\/uploads\/elementor\/thumbs\/p.-Ewa-p2znsh58jckvcnjarnw487tpyfftp0hiynjph415v4.jpg\" title=\"p. Ewa\" alt=\"p. Ewa\" loading=\"lazy\" \/>\t\t\t\t\t\t\t\t\t\t\t\t\t\t\t<\/div>\n\t\t\t\t<\/div>\n\t\t\t\t\t<\/div>\n\t\t<\/div>\n\t\t\t\t<div class=\"elementor-column elementor-col-33 elementor-top-column elementor-element elementor-element-34bd69d\" data-id=\"34bd69d\" data-element_type=\"column\" data-settings=\"{&quot;background_background&quot;:&quot;classic&quot;}\">\n\t\t\t<div class=\"elementor-widget-wrap elementor-element-populated\">\n\t\t\t\t\t\t\t\t<div class=\"elementor-element elementor-element-349c6a3 elementor-widget elementor-widget-heading\" data-id=\"349c6a3\" data-element_type=\"widget\" data-widget_type=\"heading.default\">\n\t\t\t\t<div class=\"elementor-widget-container\">\n\t\t\t<h2 class=\"elementor-heading-title elementor-size-default\">Ewa Paluch<\/h2>\t\t<\/div>\n\t\t\t\t<\/div>\n\t\t\t\t<div class=\"elementor-element elementor-element-34d9826 elementor-widget elementor-widget-heading\" data-id=\"34d9826\" data-element_type=\"widget\" data-widget_type=\"heading.default\">\n\t\t\t\t<div class=\"elementor-widget-container\">\n\t\t\t<h3 class=\"elementor-heading-title elementor-size-default\">lekarz dentysta<\/h3>\t\t<\/div>\n\t\t\t\t<\/div>\n\t\t\t\t<div class=\"elementor-element elementor-element-7b299cf elementor-widget elementor-widget-text-editor\" data-id=\"7b299cf\" data-element_type=\"widget\" data-widget_type=\"text-editor.default\">\n\t\t\t\t<div class=\"elementor-widget-container\">\n\t\t\t\t\t\t\t<p>Sympatyczna, cierpliwa i dok\u0142adna, stara si\u0119 by pacjent opuszcza\u0142 gabinet z u\u015bmiechem na ustach. Zajmuje si\u0119 leczeniem zachowawczym, endodoncj\u0105, zabiegami z zakresu chirurgii stomatologicznej oraz leczeniem dzieci.\u00a0<\/p>\t\t\t\t\t\t<\/div>\n\t\t\t\t<\/div>\n\t\t\t\t\t<\/div>\n\t\t<\/div>\n\t\t\t\t<div class=\"elementor-column elementor-col-33 elementor-top-column elementor-element elementor-element-10b709c\" data-id=\"10b709c\" data-element_type=\"column\">\n\t\t\t<div class=\"elementor-widget-wrap\">\n\t\t\t\t\t\t\t\t\t<\/div>\n\t\t<\/div>\n\t\t\t\t\t\t\t<\/div>\n\t\t<\/section>\n\t\t\t\t\t\t\t<\/div>\n\t\t","protected":false},"excerpt":{"rendered":"<p>Joanna Gie\u0142zak specjalista protetyki stomatologicznej lekarz dentysta Zajmuje si\u0119 leczeniem doros\u0142ych, wykonuje zabiegi z zakresu protetyki stomatologicznej, implantoprotetyki, stomatologii zachowawczej oraz chirurgii stomatologicznej. Jako w\u0142a\u015bciciel &nbsp;dba o organizacje pracy i wizerunek gabinetu. Dominika Turlakiewicz specjalista stomatologii zachowawczej i endodoncjilekarz dentysta Nauk\u0119 na \u0141\u00f3dzkim Uniwersytecie Medycznym zako\u0144czy\u0142a w 2016 roku, uzyskuj\u0105c najlepszy wynik w swoim roczniku. &hellip;<\/p>\n<p class=\"read-more\"> <a class=\"\" href=\"https:\/\/www.almadental.pl\/index.php\/zespol\/\"> <span class=\"screen-reader-text\">Zesp\u00f3\u0142<\/span> Read More \u00bb<\/a><\/p>\n","protected":false},"author":3,"featured_media":0,"parent":0,"menu_order":0,"comment_status":"closed","ping_status":"closed","template":"","meta":{"site-sidebar-layout":"no-sidebar","site-content-layout":"page-builder","ast-site-content-layout":"","site-content-style":"default","site-sidebar-style":"default","ast-global-header-display":"","ast-banner-title-visibility":"","ast-main-header-display":"","ast-hfb-above-header-display":"","ast-hfb-below-header-display":"","ast-hfb-mobile-header-display":"","site-post-title":"disabled","ast-breadcrumbs-content":"","ast-featured-img":"disabled","footer-sml-layout":"","theme-transparent-header-meta":"enabled","adv-header-id-meta":"","stick-header-meta":"","header-above-stick-meta":"","header-main-stick-meta":"","header-below-stick-meta":"","astra-migrate-meta-layouts":"","footnotes":""},"_links":{"self":[{"href":"https:\/\/www.almadental.pl\/index.php\/wp-json\/wp\/v2\/pages\/309"}],"collection":[{"href":"https:\/\/www.almadental.pl\/index.php\/wp-json\/wp\/v2\/pages"}],"about":[{"href":"https:\/\/www.almadental.pl\/index.php\/wp-json\/wp\/v2\/types\/page"}],"author":[{"embeddable":true,"href":"https:\/\/www.almadental.pl\/index.php\/wp-json\/wp\/v2\/users\/3"}],"replies":[{"embeddable":true,"href":"https:\/\/www.almadental.pl\/index.php\/wp-json\/wp\/v2\/comments?post=309"}],"version-history":[{"count":121,"href":"https:\/\/www.almadental.pl\/index.php\/wp-json\/wp\/v2\/pages\/309\/revisions"}],"predecessor-version":[{"id":1291,"href":"https:\/\/www.almadental.pl\/index.php\/wp-json\/wp\/v2\/pages\/309\/revisions\/1291"}],"wp:attachment":[{"href":"https:\/\/www.almadental.pl\/index.php\/wp-json\/wp\/v2\/media?parent=309"}],"curies":[{"name":"wp","href":"https:\/\/api.w.org\/{rel}","templated":true}]}}